{"id":360,"date":"2015-11-20T11:34:44","date_gmt":"2015-11-20T10:34:44","guid":{"rendered":"http:\/\/www.kinkel-it.de\/sites\/saengerkranzalfdorf\/?page_id=360"},"modified":"2018-10-22T10:20:41","modified_gmt":"2018-10-22T08:20:41","slug":"impressum","status":"publish","type":"page","link":"https:\/\/www.saengerkranz-alfdorf.de\/?page_id=360","title":{"rendered":"Impressum"},"content":{"rendered":"<p><strong>Angaben gem\u00e4\u00df \u00a7 5 TMG:<\/strong><\/p>\n<p><strong>Verantwortlich f\u00fcr den Inhalt:<\/strong><\/p>\n<p>S\u00e4ngerkranz Alfdorf 1858 e.V.<\/p>\n<p>Stefan Hientz<br \/>\nSudetenstr. 28<br \/>\n73553 Alfdorf<br \/>\nTel.: 07172 \/ 329910<\/p>\n<p>Hans Bulling<br \/>\nHauptstr. 67<br \/>\n73553 Alfdorf<br \/>\nTel.: 07172 \/ 31776<\/p>\n<p><span style=\"color: #000000;\"><strong>Vereinsstruktur:<\/strong><\/span><\/p>\n<p><span style=\"color: #000000;\"><span id=\"vostandschaft\"><strong>Vorsitzende:<br \/>\n<\/strong><\/span><span id=\"vostandschaft\">Axel Strobel, Stefan Hientz und Anselm Barth<br \/>\n<\/span><span id=\"vostandschaft\"><\/span><\/span><\/p>\n<p><span style=\"color: #000000;\"><strong><span id=\"vostandschaft\">Der gesch\u00e4ftsf\u00fchrende Vorstand besteht aus:<\/span><\/strong><span id=\"vostandschaft\"><\/span><span id=\"vostandschaft\"><br \/>\nDen Vorsitzenden, Schriftf\u00fchrer, Kassier und Notenwart.<br \/>\nDer Beirat besteht aus 8 Mitgliedern (einschl. Wirtschaftsf\u00fchrer, Vergn\u00fcgungswart, Fahnentr\u00e4ger)<br \/>\nWahlmodus laut Satzung alle 4 Jahre<\/span><\/span><\/p>\n<h2><\/h2>\n<h2><span style=\"color: #000000;\">Quellenangaben f\u00fcr die verwendeten Bilder und Grafiken:<\/span><\/h2>\n<p>Alle Bilder sind Vereinseigentum des S\u00e4ngerkranz Alfdorf 1858 e.V.<\/p>\n<p>&nbsp;<\/p>\n<h2><span style=\"color: #000000;\">Haftungsausschluss:<\/span><\/h2>\n<p><span style=\"color: #000000;\"><strong>Haftung f\u00fcr Inhalte<\/strong><\/span><\/p>\n<p>Die Inhalte unserer Seiten wurden mit gr\u00f6\u00dfter Sorgfalt erstellt. F\u00fcr die Richtigkeit, Vollst\u00e4ndigkeit und Aktualit\u00e4t der Inhalte k\u00f6nnen wir jedoch keine Gew\u00e4hr \u00fcbernehmen. Als Diensteanbieter sind wir gem\u00e4\u00df \u00a7 7 Abs.1 TMG f\u00fcr eigene Inhalte auf diesen Seiten nach den allgemeinen Gesetzen verantwortlich. Nach \u00a7\u00a7 8 bis 10 TMG sind wir als Diensteanbieter jedoch nicht verpflichtet, \u00fcbermittelte oder gespeicherte fremde Informationen zu \u00fcberwachen oder nach Umst\u00e4nden zu forschen, die auf eine rechtswidrige T\u00e4tigkeit hinweisen. Verpflichtungen zur Entfernung oder Sperrung der Nutzung von Informationen nach den allgemeinen Gesetzen bleiben hiervon unber\u00fchrt. Eine diesbez\u00fcgliche Haftung ist jedoch erst ab dem Zeitpunkt der Kenntnis einer konkreten Rechtsverletzung m\u00f6glich. Bei Bekanntwerden von entsprechenden Rechtsverletzungen werden wir diese Inhalte umgehend entfernen.<\/p>\n<p><span style=\"color: #000000;\"><strong>Haftung f\u00fcr Links<\/strong><\/span><\/p>\n<p>Unser Angebot enth\u00e4lt Links zu externen Webseiten Dritter, auf deren Inhalte wir keinen Einfluss haben. Deshalb k\u00f6nnen wir f\u00fcr diese fremden Inhalte auch keine Gew\u00e4hr \u00fcbernehmen. F\u00fcr die Inhalte der verlinkten Seiten ist stets der jeweilige Anbieter oder Betreiber der Seiten verantwortlich. Die verlinkten Seiten wurden zum Zeitpunkt der Verlinkung auf m\u00f6gliche Rechtsverst\u00f6\u00dfe \u00fcberpr\u00fcft. Rechtswidrige Inhalte waren zum Zeitpunkt der Verlinkung nicht erkennbar. Eine permanente inhaltliche Kontrolle der verlinkten Seiten ist jedoch ohne konkrete Anhaltspunkte einer Rechtsverletzung nicht zumutbar. Bei Bekanntwerden von Rechtsverletzungen werden wir derartige Links umgehend entfernen.<\/p>\n<p><span style=\"color: #000000;\"><strong>Urheberrecht<\/strong><\/span><\/p>\n<p>Die durch die Seitenbetreiber erstellten Inhalte und Werke auf diesen Seiten unterliegen dem deutschen Urheberrecht. Die Vervielf\u00e4ltigung, Bearbeitung, Verbreitung und jede Art der Verwertung au\u00dferhalb der Grenzen des Urheberrechtes bed\u00fcrfen der schriftlichen Zustimmung des jeweiligen Autors bzw. Erstellers. Downloads und Kopien dieser Seite sind nur f\u00fcr den privaten, nicht kommerziellen Gebrauch gestattet. Soweit die Inhalte auf dieser Seite nicht vom Betreiber erstellt wurden, werden die Urheberrechte Dritter beachtet. Insbesondere werden Inhalte Dritter als solche gekennzeichnet. Sollten Sie trotzdem auf eine Urheberrechtsverletzung aufmerksam werden, bitten wir um einen entsprechenden Hinweis. Bei Bekanntwerden von Rechtsverletzungen werden wir derartige Inhalte umgehend entfernen.<\/p>\n<p>&nbsp;<\/p>\n<p>&nbsp;<\/p>\n<p>&nbsp;<\/p>\n<p>&nbsp;<\/p>\n<p>&nbsp;<\/p>\n<table border=\"0\" cellspacing=\"0\" cellpadding=\"0\">\n<tbody>\n<tr>\n<td colspan=\"4\" rowspan=\"336\" width=\"40\"><\/td>\n<td colspan=\"98\" rowspan=\"336\" align=\"left\" valign=\"top\" width=\"980\"><\/td>\n<\/tr>\n<\/tbody>\n<\/table>\n","protected":false},"excerpt":{"rendered":"<p>Angaben gem\u00e4\u00df \u00a7 5 TMG: Verantwortlich f\u00fcr den Inhalt: S\u00e4ngerkranz Alfdorf 1858 e.V. Stefan Hientz Sudetenstr. 28 73553 Alfdorf Tel.: 07172 \/ 329910 Hans Bulling Hauptstr. 67 73553 Alfdorf Tel.: 07172 \/ 31776 Vereinsstruktur: Vorsitzende: Axel Strobel, Stefan Hientz und Anselm Barth Der gesch\u00e4ftsf\u00fchrende Vorstand besteht aus: Den Vorsitzenden, Schriftf\u00fchrer, [&hellip;]<\/p>\n","protected":false},"author":1,"featured_media":0,"parent":0,"menu_order":9,"comment_status":"closed","ping_status":"closed","template":"page-templates\/template-page-sidebar.php","meta":{"footnotes":""},"class_list":["post-360","page","type-page","status-publish","hentry"],"_links":{"self":[{"href":"https:\/\/www.saengerkranz-alfdorf.de\/index.php?rest_route=\/wp\/v2\/pages\/360","targetHints":{"allow":["GET"]}}],"collection":[{"href":"https:\/\/www.saengerkranz-alfdorf.de\/index.php?rest_route=\/wp\/v2\/pages"}],"about":[{"href":"https:\/\/www.saengerkranz-alfdorf.de\/index.php?rest_route=\/wp\/v2\/types\/page"}],"author":[{"embeddable":true,"href":"https:\/\/www.saengerkranz-alfdorf.de\/index.php?rest_route=\/wp\/v2\/users\/1"}],"replies":[{"embeddable":true,"href":"https:\/\/www.saengerkranz-alfdorf.de\/index.php?rest_route=%2Fwp%2Fv2%2Fcomments&post=360"}],"version-history":[{"count":5,"href":"https:\/\/www.saengerkranz-alfdorf.de\/index.php?rest_route=\/wp\/v2\/pages\/360\/revisions"}],"predecessor-version":[{"id":1347,"href":"https:\/\/www.saengerkranz-alfdorf.de\/index.php?rest_route=\/wp\/v2\/pages\/360\/revisions\/1347"}],"wp:attachment":[{"href":"https:\/\/www.saengerkranz-alfdorf.de\/index.php?rest_route=%2Fwp%2Fv2%2Fmedia&parent=360"}],"curies":[{"name":"wp","href":"https:\/\/api.w.org\/{rel}","templated":true}]}}